{"id":1040,"date":"2020-09-25T09:45:16","date_gmt":"2020-09-25T07:45:16","guid":{"rendered":"https:\/\/grupomilan.com\/soluciones\/%tipo%\/packaging-carton\/"},"modified":"2026-04-28T12:55:43","modified_gmt":"2026-04-28T10:55:43","slug":"emballage-en-carton","status":"publish","type":"producto","link":"https:\/\/grupomilan.com\/fr\/solutions\/solutions-packaging\/emballage-en-carton\/","title":{"rendered":"Emballage en carton"},"content":{"rendered":"\n<div class=\"wp-block-columns is-layout-flex wp-container-core-columns-is-layout-28f84493 wp-block-columns-is-layout-flex\">\n<div class=\"wp-block-column is-layout-flow wp-block-column-is-layout-flow\">\n<p>La pr\u00e9sentation d&rsquo;un produit devient souvent un aspect d\u00e9terminant pour r\u00e9aliser, ou non, l&rsquo;achat d&rsquo;un article. Combien de fois avez-vous a.chet\u00e9 parce que vous avez aim\u00e9 l&#8217;emballage? Avez-vous \u00e9t\u00e9 attir\u00e9 par la pr\u00e9sentation d&rsquo;un produit et \u00e9tait-ce suffisant pour l&rsquo;acheter&nbsp;? C&rsquo;est l&rsquo;un des objectifs de l&#8217;emballage, s&rsquo;assurer que le client trouve l&#8217;emballage si attrayant qu&rsquo;il cl\u00f4ture la vente.<\/p>\n<\/div>\n\n\n\n<div class=\"wp-block-column is-layout-flow wp-block-column-is-layout-flow\">\n<p>D&rsquo;autre part, il est n\u00e9cessaire que l&#8217;emballage utilis\u00e9 soit constitu\u00e9 de mat\u00e9riaux de qualit\u00e9, qui prot\u00e8gent le produit ou les \u00e9l\u00e9ments qui se trouvent \u00e0 l&rsquo;int\u00e9rieur. Pour ce faire, il est n\u00e9cessaire de prendre en compte les caract\u00e9ristiques de chacun des produits et d&rsquo;\u00e9valuer quel type d&#8217;emballage est le mieux adapt\u00e9 \u00e0 leurs besoins.<\/p>\n<\/div>\n<\/div>\n\n\n\n<figure class=\"wp-block-gallery has-nested-images columns-default is-cropped wp-block-gallery-1 is-layout-flex wp-block-gallery-is-layout-flex\">\n<figure class=\"wp-block-image size-large\"><img loading=\"lazy\" decoding=\"async\" width=\"1920\" height=\"1080\" data-id=\"26372\" src=\"https:\/\/grupomilan.com\/wp-content\/uploads\/grupomilan-packaging-carton-18.jpg\" alt=\"\" class=\"wp-image-26372\" srcset=\"https:\/\/grupomilan.com\/wp-content\/uploads\/grupomilan-packaging-carton-18.jpg 1920w, https:\/\/grupomilan.com\/wp-content\/uploads\/grupomilan-packaging-carton-18-400x225.jpg 400w, https:\/\/grupomilan.com\/wp-content\/uploads\/grupomilan-packaging-carton-18-768x432.jpg 768w, https:\/\/grupomilan.com\/wp-content\/uploads\/grupomilan-packaging-carton-18-1536x864.jpg 1536w\" sizes=\"auto, (max-width: 1920px) 100vw, 1920px\" \/><\/figure>\n\n\n\n<figure class=\"wp-block-image size-large\"><img loading=\"lazy\" decoding=\"async\" width=\"1620\" height=\"1080\" data-id=\"26375\" src=\"https:\/\/grupomilan.com\/wp-content\/uploads\/\/grupomilan-packaging-carton-IMG_2952-1620x1080.jpg\" alt=\"\" class=\"wp-image-26375\" srcset=\"https:\/\/grupomilan.com\/wp-content\/uploads\/grupomilan-packaging-carton-IMG_2952-1620x1080.jpg 1620w, https:\/\/grupomilan.com\/wp-content\/uploads\/grupomilan-packaging-carton-IMG_2952-400x267.jpg 400w, https:\/\/grupomilan.com\/wp-content\/uploads\/grupomilan-packaging-carton-IMG_2952-768x512.jpg 768w, https:\/\/grupomilan.com\/wp-content\/uploads\/grupomilan-packaging-carton-IMG_2952-1536x1024.jpg 1536w, https:\/\/grupomilan.com\/wp-content\/uploads\/grupomilan-packaging-carton-IMG_2952-2048x1365.jpg 2048w\" sizes=\"auto, (max-width: 1620px) 100vw, 1620px\" \/><\/figure>\n\n\n\n<figure class=\"wp-block-image size-large\"><img loading=\"lazy\" decoding=\"async\" width=\"1920\" height=\"1080\" data-id=\"26374\" src=\"https:\/\/grupomilan.com\/wp-content\/uploads\/grupomilan-packaging-carton-IMG_2689.jpg\" alt=\"\" class=\"wp-image-26374\" srcset=\"https:\/\/grupomilan.com\/wp-content\/uploads\/grupomilan-packaging-carton-IMG_2689.jpg 1920w, https:\/\/grupomilan.com\/wp-content\/uploads\/grupomilan-packaging-carton-IMG_2689-400x225.jpg 400w, https:\/\/grupomilan.com\/wp-content\/uploads\/grupomilan-packaging-carton-IMG_2689-768x432.jpg 768w, https:\/\/grupomilan.com\/wp-content\/uploads\/grupomilan-packaging-carton-IMG_2689-1536x864.jpg 1536w\" sizes=\"auto, (max-width: 1920px) 100vw, 1920px\" \/><\/figure>\n\n\n\n<figure class=\"wp-block-image size-large\"><img loading=\"lazy\" decoding=\"async\" width=\"1920\" height=\"1080\" data-id=\"26373\" src=\"https:\/\/grupomilan.com\/wp-content\/uploads\/grupomilan-packaging-carton-IMG_2632.jpg\" alt=\"\" class=\"wp-image-26373\" srcset=\"https:\/\/grupomilan.com\/wp-content\/uploads\/grupomilan-packaging-carton-IMG_2632.jpg 1920w, https:\/\/grupomilan.com\/wp-content\/uploads\/grupomilan-packaging-carton-IMG_2632-400x225.jpg 400w, https:\/\/grupomilan.com\/wp-content\/uploads\/grupomilan-packaging-carton-IMG_2632-768x432.jpg 768w, https:\/\/grupomilan.com\/wp-content\/uploads\/grupomilan-packaging-carton-IMG_2632-1536x864.jpg 1536w\" sizes=\"auto, (max-width: 1920px) 100vw, 1920px\" \/><\/figure>\n\n\n\n<figure class=\"wp-block-image size-large\"><img loading=\"lazy\" decoding=\"async\" width=\"1280\" height=\"853\" data-id=\"1041\" src=\"https:\/\/grupomilan.com\/wp-content\/uploads\/2.1.11.2-QUESOS-LACTEOS-ALIMENTACION.jpg\" alt=\"\" class=\"wp-image-1041\" srcset=\"https:\/\/grupomilan.com\/wp-content\/uploads\/2.1.11.2-QUESOS-LACTEOS-ALIMENTACION.jpg 1280w, https:\/\/grupomilan.com\/wp-content\/uploads\/2.1.11.2-QUESOS-LACTEOS-ALIMENTACION-400x267.jpg 400w, https:\/\/grupomilan.com\/wp-content\/uploads\/2.1.11.2-QUESOS-LACTEOS-ALIMENTACION-768x512.jpg 768w\" sizes=\"auto, (max-width: 1280px) 100vw, 1280px\" \/><\/figure>\n\n\n\n<figure class=\"wp-block-image size-large\"><img loading=\"lazy\" decoding=\"async\" width=\"1280\" height=\"853\" data-id=\"1277\" src=\"https:\/\/grupomilan.com\/wp-content\/uploads\/2.1.4.1-CONGELADOS-ALIMENTACION.jpg\" alt=\"\" class=\"wp-image-1277\" srcset=\"https:\/\/grupomilan.com\/wp-content\/uploads\/2.1.4.1-CONGELADOS-ALIMENTACION.jpg 1280w, https:\/\/grupomilan.com\/wp-content\/uploads\/2.1.4.1-CONGELADOS-ALIMENTACION-400x267.jpg 400w, https:\/\/grupomilan.com\/wp-content\/uploads\/2.1.4.1-CONGELADOS-ALIMENTACION-768x512.jpg 768w\" sizes=\"auto, (max-width: 1280px) 100vw, 1280px\" \/><\/figure>\n\n\n\n<figure class=\"wp-block-image size-large\"><img loading=\"lazy\" decoding=\"async\" width=\"1280\" height=\"853\" data-id=\"1037\" src=\"https:\/\/grupomilan.com\/wp-content\/uploads\/2.1.3.2-ACEITES-ALIMENTACION.jpg\" alt=\"\" class=\"wp-image-1037\" srcset=\"https:\/\/grupomilan.com\/wp-content\/uploads\/2.1.3.2-ACEITES-ALIMENTACION.jpg 1280w, https:\/\/grupomilan.com\/wp-content\/uploads\/2.1.3.2-ACEITES-ALIMENTACION-400x267.jpg 400w, https:\/\/grupomilan.com\/wp-content\/uploads\/2.1.3.2-ACEITES-ALIMENTACION-768x512.jpg 768w\" sizes=\"auto, (max-width: 1280px) 100vw, 1280px\" \/><\/figure>\n\n\n\n<figure class=\"wp-block-image size-large\"><img loading=\"lazy\" decoding=\"async\" width=\"1280\" height=\"853\" data-id=\"1360\" src=\"https:\/\/grupomilan.com\/wp-content\/uploads\/2.3.4.2-MENAJE-INDUSTRIAL.jpg\" alt=\"\" class=\"wp-image-1360\" srcset=\"https:\/\/grupomilan.com\/wp-content\/uploads\/2.3.4.2-MENAJE-INDUSTRIAL.jpg 1280w, https:\/\/grupomilan.com\/wp-content\/uploads\/2.3.4.2-MENAJE-INDUSTRIAL-400x267.jpg 400w, https:\/\/grupomilan.com\/wp-content\/uploads\/2.3.4.2-MENAJE-INDUSTRIAL-768x512.jpg 768w\" sizes=\"auto, (max-width: 1280px) 100vw, 1280px\" \/><\/figure>\n\n\n\n<figure class=\"wp-block-image size-large\"><img loading=\"lazy\" decoding=\"async\" width=\"1280\" height=\"853\" data-id=\"1299\" src=\"https:\/\/grupomilan.com\/wp-content\/uploads\/2.1.10.4-FIDEOS-PRECOCINADOS-ALIMENTACION.jpg\" alt=\"\" class=\"wp-image-1299\" srcset=\"https:\/\/grupomilan.com\/wp-content\/uploads\/2.1.10.4-FIDEOS-PRECOCINADOS-ALIMENTACION.jpg 1280w, https:\/\/grupomilan.com\/wp-content\/uploads\/2.1.10.4-FIDEOS-PRECOCINADOS-ALIMENTACION-400x267.jpg 400w, https:\/\/grupomilan.com\/wp-content\/uploads\/2.1.10.4-FIDEOS-PRECOCINADOS-ALIMENTACION-768x512.jpg 768w\" sizes=\"auto, (max-width: 1280px) 100vw, 1280px\" \/><\/figure>\n<\/figure>\n\n\n\n<h2 class=\"wp-block-heading\">Emballages en carton personnalis\u00e9s par secteurs professionnels<\/h2>\n\n\n\n<div class=\"wp-block-columns is-layout-flex wp-container-core-columns-is-layout-28f84493 wp-block-columns-is-layout-flex\">\n<div class=\"wp-block-column is-layout-flow wp-block-column-is-layout-flow\">\n<p>Nos solutions d&#8217;emballage sont con\u00e7ues pour satisfaire tous types de secteurs professionnels, tels que l&rsquo;agroalimentaire, l&rsquo;industrie ou le secteur pharmaceutique et cosm\u00e9tique. Nous avons \u00e9galement toutes sortes de solutions pour le commerce \u00e9lectronique, c&rsquo;est-\u00e0-dire des entreprises qui commercialisent leurs produits via des plateformes digitales et ont besoin d&rsquo;un emballage de qualit\u00e9 pour garantir l&rsquo;envoi correct de leurs articles.<\/p>\n<\/div>\n\n\n\n<div class=\"wp-block-column is-layout-flow wp-block-column-is-layout-flow\">\n<p>Et c&rsquo;est que l&#8217;emballage est une protection, c&rsquo;est le moyen de communiquer l&rsquo;identit\u00e9 corporative d&rsquo;une entreprise ou d&rsquo;une marque et est donc une strat\u00e9gie de marketing de plus dont chaque entreprise doit s&rsquo;occuper si elle veut augmenter ses ventes. Chez GMI, nous nous adaptons \u00e0 100 % \u00e0 la personnalisation de vos emballages pour nous aligner \u00e0 vos objectifs. Nous avons seulement besoin de conna\u00eetre les informations sur votre projet et nous le r\u00e9aliserons.<\/p>\n<\/div>\n<\/div>\n","protected":false},"excerpt":{"rendered":"<p>La pr\u00e9sentation d&rsquo;un produit devient souvent un aspect d\u00e9terminant pour r\u00e9aliser, ou non, l&rsquo;achat d&rsquo;un article. Combien de fois avez-vous a.chet\u00e9 parce que vous avez&#8230;<\/p>\n<p class=\"mt-4\"><a class=\"btn btn-cut btn-outline-primary\" href=\"https:\/\/grupomilan.com\/fr\/solutions\/solutions-packaging\/emballage-en-carton\/\">Leer m\u00e1s<\/a><\/p>\n","protected":false},"author":1,"featured_media":1041,"parent":0,"menu_order":50,"template":"","meta":{"_acf_changed":false,"footnotes":""},"tipo":[34],"sector":[],"class_list":["post-1040","producto","type-producto","status-publish","has-post-thumbnail","hentry","tipo-solutions-packaging"],"acf":[],"yoast_head":"<!-- This site is optimized with the Yoast SEO plugin v27.5 - https:\/\/yoast.com\/product\/yoast-seo-wordpress\/ -->\n<title>Emballage en carton - GMI Arts graphiques - Grupo Mil\u00e1n \/ Inagraf<\/title>\n<meta name=\"description\" content=\"Nos solutions d&#039;emballage en carton con\u00e7ues pour les secteurs professionnels, agro-alimentaire, industrie, pharmacie, cosm\u00e9tique 976 50 51 56\" \/>\n<meta name=\"robots\" content=\"index, follow, max-snippet:-1, max-image-preview:large, max-video-preview:-1\" \/>\n<link rel=\"canonical\" href=\"https:\/\/grupomilan.com\/fr\/solutions\/solutions-packaging\/emballage-en-carton\/\" \/>\n<meta property=\"og:locale\" content=\"fr_FR\" \/>\n<meta property=\"og:type\" content=\"article\" \/>\n<meta property=\"og:title\" content=\"Emballage en carton - GMI Arts graphiques - Grupo Mil\u00e1n \/ Inagraf\" \/>\n<meta property=\"og:description\" content=\"Nos solutions d&#039;emballage en carton con\u00e7ues pour les secteurs professionnels, agro-alimentaire, industrie, pharmacie, cosm\u00e9tique 976 50 51 56\" \/>\n<meta property=\"og:url\" content=\"https:\/\/grupomilan.com\/fr\/solutions\/solutions-packaging\/emballage-en-carton\/\" \/>\n<meta property=\"og:site_name\" content=\"GMI Arts graphiques - Grupo Mil\u00e1n \/ Inagraf\" \/>\n<meta property=\"article:modified_time\" content=\"2026-04-28T10:55:43+00:00\" \/>\n<meta property=\"og:image\" content=\"https:\/\/grupomilan.com\/wp-content\/uploads\/2.1.11.2-QUESOS-LACTEOS-ALIMENTACION.jpg\" \/>\n\t<meta property=\"og:image:width\" content=\"1280\" \/>\n\t<meta property=\"og:image:height\" content=\"853\" \/>\n\t<meta property=\"og:image:type\" content=\"image\/jpeg\" \/>\n<meta name=\"twitter:card\" content=\"summary_large_image\" \/>\n<meta name=\"twitter:label1\" content=\"Dur\u00e9e de lecture estim\u00e9e\" \/>\n\t<meta name=\"twitter:data1\" content=\"4 minutes\" \/>\n<script type=\"application\/ld+json\" class=\"yoast-schema-graph\">{\"@context\":\"https:\\\/\\\/schema.org\",\"@graph\":[{\"@type\":\"WebPage\",\"@id\":\"https:\\\/\\\/grupomilan.com\\\/fr\\\/solutions\\\/solutions-packaging\\\/emballage-en-carton\\\/\",\"url\":\"https:\\\/\\\/grupomilan.com\\\/fr\\\/solutions\\\/solutions-packaging\\\/emballage-en-carton\\\/\",\"name\":\"Emballage en carton - GMI Arts graphiques - Grupo Mil\u00e1n \\\/ Inagraf\",\"isPartOf\":{\"@id\":\"https:\\\/\\\/grupomilan.com\\\/fr\\\/#website\"},\"primaryImageOfPage\":{\"@id\":\"https:\\\/\\\/grupomilan.com\\\/fr\\\/solutions\\\/solutions-packaging\\\/emballage-en-carton\\\/#primaryimage\"},\"image\":{\"@id\":\"https:\\\/\\\/grupomilan.com\\\/fr\\\/solutions\\\/solutions-packaging\\\/emballage-en-carton\\\/#primaryimage\"},\"thumbnailUrl\":\"https:\\\/\\\/grupomilan.com\\\/wp-content\\\/uploads\\\/2.1.11.2-QUESOS-LACTEOS-ALIMENTACION.jpg\",\"datePublished\":\"2020-09-25T07:45:16+00:00\",\"dateModified\":\"2026-04-28T10:55:43+00:00\",\"description\":\"Nos solutions d'emballage en carton con\u00e7ues pour les secteurs professionnels, agro-alimentaire, industrie, pharmacie, cosm\u00e9tique 976 50 51 56\",\"breadcrumb\":{\"@id\":\"https:\\\/\\\/grupomilan.com\\\/fr\\\/solutions\\\/solutions-packaging\\\/emballage-en-carton\\\/#breadcrumb\"},\"inLanguage\":\"fr-FR\",\"potentialAction\":[{\"@type\":\"ReadAction\",\"target\":[\"https:\\\/\\\/grupomilan.com\\\/fr\\\/solutions\\\/solutions-packaging\\\/emballage-en-carton\\\/\"]}]},{\"@type\":\"ImageObject\",\"inLanguage\":\"fr-FR\",\"@id\":\"https:\\\/\\\/grupomilan.com\\\/fr\\\/solutions\\\/solutions-packaging\\\/emballage-en-carton\\\/#primaryimage\",\"url\":\"https:\\\/\\\/grupomilan.com\\\/wp-content\\\/uploads\\\/2.1.11.2-QUESOS-LACTEOS-ALIMENTACION.jpg\",\"contentUrl\":\"https:\\\/\\\/grupomilan.com\\\/wp-content\\\/uploads\\\/2.1.11.2-QUESOS-LACTEOS-ALIMENTACION.jpg\",\"width\":1280,\"height\":853},{\"@type\":\"BreadcrumbList\",\"@id\":\"https:\\\/\\\/grupomilan.com\\\/fr\\\/solutions\\\/solutions-packaging\\\/emballage-en-carton\\\/#breadcrumb\",\"itemListElement\":[{\"@type\":\"ListItem\",\"position\":1,\"name\":\"Portada\",\"item\":\"https:\\\/\\\/grupomilan.com\\\/fr\\\/\"},{\"@type\":\"ListItem\",\"position\":2,\"name\":\"Productos\",\"item\":\"https:\\\/\\\/grupomilan.com\\\/fr\\\/solutions\\\/\"},{\"@type\":\"ListItem\",\"position\":3,\"name\":\"Solutions de packaging\",\"item\":\"https:\\\/\\\/grupomilan.com\\\/fr\\\/solutions\\\/solutions-packaging\\\/\"},{\"@type\":\"ListItem\",\"position\":4,\"name\":\"Emballage en carton\"}]},{\"@type\":\"WebSite\",\"@id\":\"https:\\\/\\\/grupomilan.com\\\/fr\\\/#website\",\"url\":\"https:\\\/\\\/grupomilan.com\\\/fr\\\/\",\"name\":\"GMI Arts graphiques - Grupo Mil\u00e1n \\\/ Inagraf\",\"description\":\"Arts graphiques\",\"publisher\":{\"@id\":\"https:\\\/\\\/grupomilan.com\\\/fr\\\/#organization\"},\"potentialAction\":[{\"@type\":\"SearchAction\",\"target\":{\"@type\":\"EntryPoint\",\"urlTemplate\":\"https:\\\/\\\/grupomilan.com\\\/fr\\\/?s={search_term_string}\"},\"query-input\":{\"@type\":\"PropertyValueSpecification\",\"valueRequired\":true,\"valueName\":\"search_term_string\"}}],\"inLanguage\":\"fr-FR\"},{\"@type\":\"Organization\",\"@id\":\"https:\\\/\\\/grupomilan.com\\\/fr\\\/#organization\",\"name\":\"GMI Artes Gr\u00e1ficas - Grupo Mil\u00e1n \\\/ Inagraf\",\"url\":\"https:\\\/\\\/grupomilan.com\\\/fr\\\/\",\"logo\":{\"@type\":\"ImageObject\",\"inLanguage\":\"fr-FR\",\"@id\":\"https:\\\/\\\/grupomilan.com\\\/fr\\\/#\\\/schema\\\/logo\\\/image\\\/\",\"url\":\"https:\\\/\\\/grupomilan.com\\\/wp-content\\\/uploads\\\/logo-gmi-seo.png\",\"contentUrl\":\"https:\\\/\\\/grupomilan.com\\\/wp-content\\\/uploads\\\/logo-gmi-seo.png\",\"width\":308,\"height\":60,\"caption\":\"GMI Artes Gr\u00e1ficas - Grupo Mil\u00e1n \\\/ Inagraf\"},\"image\":{\"@id\":\"https:\\\/\\\/grupomilan.com\\\/fr\\\/#\\\/schema\\\/logo\\\/image\\\/\"}}]}<\/script>\n<!-- \/ Yoast SEO plugin. -->","yoast_head_json":{"title":"Emballage en carton - GMI Arts graphiques - Grupo Mil\u00e1n \/ Inagraf","description":"Nos solutions d'emballage en carton con\u00e7ues pour les secteurs professionnels, agro-alimentaire, industrie, pharmacie, cosm\u00e9tique 976 50 51 56","robots":{"index":"index","follow":"follow","max-snippet":"max-snippet:-1","max-image-preview":"max-image-preview:large","max-video-preview":"max-video-preview:-1"},"canonical":"https:\/\/grupomilan.com\/fr\/solutions\/solutions-packaging\/emballage-en-carton\/","og_locale":"fr_FR","og_type":"article","og_title":"Emballage en carton - GMI Arts graphiques - Grupo Mil\u00e1n \/ Inagraf","og_description":"Nos solutions d'emballage en carton con\u00e7ues pour les secteurs professionnels, agro-alimentaire, industrie, pharmacie, cosm\u00e9tique 976 50 51 56","og_url":"https:\/\/grupomilan.com\/fr\/solutions\/solutions-packaging\/emballage-en-carton\/","og_site_name":"GMI Arts graphiques - Grupo Mil\u00e1n \/ Inagraf","article_modified_time":"2026-04-28T10:55:43+00:00","og_image":[{"width":1280,"height":853,"url":"https:\/\/grupomilan.com\/wp-content\/uploads\/2.1.11.2-QUESOS-LACTEOS-ALIMENTACION.jpg","type":"image\/jpeg"}],"twitter_card":"summary_large_image","twitter_misc":{"Dur\u00e9e de lecture estim\u00e9e":"4 minutes"},"schema":{"@context":"https:\/\/schema.org","@graph":[{"@type":"WebPage","@id":"https:\/\/grupomilan.com\/fr\/solutions\/solutions-packaging\/emballage-en-carton\/","url":"https:\/\/grupomilan.com\/fr\/solutions\/solutions-packaging\/emballage-en-carton\/","name":"Emballage en carton - GMI Arts graphiques - Grupo Mil\u00e1n \/ Inagraf","isPartOf":{"@id":"https:\/\/grupomilan.com\/fr\/#website"},"primaryImageOfPage":{"@id":"https:\/\/grupomilan.com\/fr\/solutions\/solutions-packaging\/emballage-en-carton\/#primaryimage"},"image":{"@id":"https:\/\/grupomilan.com\/fr\/solutions\/solutions-packaging\/emballage-en-carton\/#primaryimage"},"thumbnailUrl":"https:\/\/grupomilan.com\/wp-content\/uploads\/2.1.11.2-QUESOS-LACTEOS-ALIMENTACION.jpg","datePublished":"2020-09-25T07:45:16+00:00","dateModified":"2026-04-28T10:55:43+00:00","description":"Nos solutions d'emballage en carton con\u00e7ues pour les secteurs professionnels, agro-alimentaire, industrie, pharmacie, cosm\u00e9tique 976 50 51 56","breadcrumb":{"@id":"https:\/\/grupomilan.com\/fr\/solutions\/solutions-packaging\/emballage-en-carton\/#breadcrumb"},"inLanguage":"fr-FR","potentialAction":[{"@type":"ReadAction","target":["https:\/\/grupomilan.com\/fr\/solutions\/solutions-packaging\/emballage-en-carton\/"]}]},{"@type":"ImageObject","inLanguage":"fr-FR","@id":"https:\/\/grupomilan.com\/fr\/solutions\/solutions-packaging\/emballage-en-carton\/#primaryimage","url":"https:\/\/grupomilan.com\/wp-content\/uploads\/2.1.11.2-QUESOS-LACTEOS-ALIMENTACION.jpg","contentUrl":"https:\/\/grupomilan.com\/wp-content\/uploads\/2.1.11.2-QUESOS-LACTEOS-ALIMENTACION.jpg","width":1280,"height":853},{"@type":"BreadcrumbList","@id":"https:\/\/grupomilan.com\/fr\/solutions\/solutions-packaging\/emballage-en-carton\/#breadcrumb","itemListElement":[{"@type":"ListItem","position":1,"name":"Portada","item":"https:\/\/grupomilan.com\/fr\/"},{"@type":"ListItem","position":2,"name":"Productos","item":"https:\/\/grupomilan.com\/fr\/solutions\/"},{"@type":"ListItem","position":3,"name":"Solutions de packaging","item":"https:\/\/grupomilan.com\/fr\/solutions\/solutions-packaging\/"},{"@type":"ListItem","position":4,"name":"Emballage en carton"}]},{"@type":"WebSite","@id":"https:\/\/grupomilan.com\/fr\/#website","url":"https:\/\/grupomilan.com\/fr\/","name":"GMI Arts graphiques - Grupo Mil\u00e1n \/ Inagraf","description":"Arts graphiques","publisher":{"@id":"https:\/\/grupomilan.com\/fr\/#organization"},"potentialAction":[{"@type":"SearchAction","target":{"@type":"EntryPoint","urlTemplate":"https:\/\/grupomilan.com\/fr\/?s={search_term_string}"},"query-input":{"@type":"PropertyValueSpecification","valueRequired":true,"valueName":"search_term_string"}}],"inLanguage":"fr-FR"},{"@type":"Organization","@id":"https:\/\/grupomilan.com\/fr\/#organization","name":"GMI Artes Gr\u00e1ficas - Grupo Mil\u00e1n \/ Inagraf","url":"https:\/\/grupomilan.com\/fr\/","logo":{"@type":"ImageObject","inLanguage":"fr-FR","@id":"https:\/\/grupomilan.com\/fr\/#\/schema\/logo\/image\/","url":"https:\/\/grupomilan.com\/wp-content\/uploads\/logo-gmi-seo.png","contentUrl":"https:\/\/grupomilan.com\/wp-content\/uploads\/logo-gmi-seo.png","width":308,"height":60,"caption":"GMI Artes Gr\u00e1ficas - Grupo Mil\u00e1n \/ Inagraf"},"image":{"@id":"https:\/\/grupomilan.com\/fr\/#\/schema\/logo\/image\/"}}]}},"_links":{"self":[{"href":"https:\/\/grupomilan.com\/fr\/wp-json\/wp\/v2\/producto\/1040","targetHints":{"allow":["GET"]}}],"collection":[{"href":"https:\/\/grupomilan.com\/fr\/wp-json\/wp\/v2\/producto"}],"about":[{"href":"https:\/\/grupomilan.com\/fr\/wp-json\/wp\/v2\/types\/producto"}],"author":[{"embeddable":true,"href":"https:\/\/grupomilan.com\/fr\/wp-json\/wp\/v2\/users\/1"}],"version-history":[{"count":6,"href":"https:\/\/grupomilan.com\/fr\/wp-json\/wp\/v2\/producto\/1040\/revisions"}],"predecessor-version":[{"id":26417,"href":"https:\/\/grupomilan.com\/fr\/wp-json\/wp\/v2\/producto\/1040\/revisions\/26417"}],"wp:featuredmedia":[{"embeddable":true,"href":"https:\/\/grupomilan.com\/fr\/wp-json\/wp\/v2\/media\/1041"}],"wp:attachment":[{"href":"https:\/\/grupomilan.com\/fr\/wp-json\/wp\/v2\/media?parent=1040"}],"wp:term":[{"taxonomy":"tipo","embeddable":true,"href":"https:\/\/grupomilan.com\/fr\/wp-json\/wp\/v2\/tipo?post=1040"},{"taxonomy":"sector","embeddable":true,"href":"https:\/\/grupomilan.com\/fr\/wp-json\/wp\/v2\/sector?post=1040"}],"curies":[{"name":"wp","href":"https:\/\/api.w.org\/{rel}","templated":true}]}}