{"id":1027,"date":"2020-07-10T23:29:25","date_gmt":"2020-07-10T21:29:25","guid":{"rendered":"https:\/\/grupomilan.com\/politica-privacidad\/"},"modified":"2021-06-28T16:20:11","modified_gmt":"2021-06-28T14:20:11","slug":"politique-de-confidentialite","status":"publish","type":"page","link":"https:\/\/grupomilan.com\/fr\/politique-de-confidentialite\/","title":{"rendered":"Politique de confidentialit\u00e9"},"content":{"rendered":"\n<h2 class=\"wp-block-heading\">Informacion sobre Protecci\u00f3n de Datos<\/h2>\n\n\n\n<ol class=\"wp-block-list\" type=\"1\"><li><strong>Datos relativos al Responsable<\/strong><\/li><\/ol>\n\n\n\n<p><strong>Responsable Tratamiento<\/strong><br>&nbsp;&nbsp;&#8211; Entidad: GRUPO MILAN INAGRAF, S.L.<br>&nbsp;&nbsp;&#8211; CIF de la entidad: B50025733<br>&nbsp;&nbsp;&#8211; Direccion de la entidad: PARAISO, 5 &#8211; (50410) CUARTE DE HUERVA<br>&nbsp;&nbsp;&#8211; Email de la entidad: PILAR@GRUPOMILAN.COM<br>&nbsp;&nbsp;&#8211; Responsable del tratamiento : PILAR RECUERO BLAS<br>&nbsp;&nbsp;&#8211; Tel\u00e9fono del Responsable del tratamiento : 976505156<br>&nbsp;&nbsp;&#8211; Direcci\u00f3n email del Responsable del tratamiento : PILAR@GRUPOMILAN.COM<br><br><br><\/p>\n\n\n\n<ol class=\"wp-block-list\" start=\"2\"><li><strong>Finalidades<\/strong><\/li><\/ol>\n\n\n\n<p>En cumplimiento de lo dispuesto en el Reglamento Europeo 2016\/679 General de Protecci\u00f3n de Datos y la Ley Org\u00e1nica 3\/2018 de Protecci\u00f3n de Datos Personales y Garant\u00eda de Derechos Digitales, le informamos de que, dependiendo de la relaci\u00f3n que tenga con nosotros, en&nbsp;<strong>GRUPO MILAN INAGRAF, S.L.<\/strong>&nbsp;tratamos los datos que nos facilita para alguna, o todas, las siguientes finalidades:<\/p>\n\n\n\n<ul class=\"wp-block-list\"><li>Env\u00edo de informaci\u00f3n comercial de la entidad mediante correo postal, correo electr\u00f3nico u otros<\/li><\/ul>\n\n\n\n<ol class=\"wp-block-list\" start=\"3\"><li><strong>Plazo de conservaci\u00f3n de los datos<\/strong><\/li><\/ol>\n\n\n\n<p>Sus datos ser\u00e1n conservados mientras dure la relaci\u00f3n contractual, comercial o de otro tipo con nuestra entidad, solicite su supresi\u00f3n, as\u00ed como el tiempo necesario para cumplir las obligaciones legales.<\/p>\n\n\n\n<ol class=\"wp-block-list\" start=\"4\"><li><strong>Legitimaci\u00f3n<\/strong><\/li><\/ol>\n\n\n\n<p>La base legal para el tratamiento de tus datos radica por:<\/p>\n\n\n\n<ul class=\"wp-block-list\"><li>Consentimiento inequ\u00edvoco<\/li><\/ul>\n\n\n\n<ol class=\"wp-block-list\" start=\"5\"><li><strong>Destinatarios<\/strong><\/li><\/ol>\n\n\n\n<p>Sus datos personales ser\u00e1n comunicados a terceros en los siguientes supuestos:<\/p>\n\n\n\n<ul class=\"wp-block-list\"><li>No comparto los datos con terceros<\/li><\/ul>\n\n\n\n<ol class=\"wp-block-list\" start=\"6\"><li><strong>Derechos<\/strong><\/li><\/ol>\n\n\n\n<p>Tiene derecho a obtener confirmaci\u00f3n sobre si en&nbsp;<strong>GRUPO MILAN INAGRAF, S.L.<\/strong>&nbsp;estamos tratando datos personales que le conciernan, o no.<\/p>\n\n\n\n<p>Asimismo, tiene derecho de acceso a sus datos personales, as\u00ed como a solicitar la&nbsp;<em>rectificaci\u00f3n<\/em>&nbsp;de los datos inexactos o, en su caso, solicitar su&nbsp;<em>supresi\u00f3n<\/em>&nbsp;cuando, entre otros motivos, los datos ya no sean necesarios para los fines que fueron recogidos.<\/p>\n\n\n\n<p>En determinadas circunstancias, podr\u00e1 solicitar la&nbsp;<em>limitaci\u00f3n del tratamiento<\/em>&nbsp;de sus datos, en cuyo caso \u00fanicamente los conservaremos para el ejercicio o la defensa de reclamaciones.<\/p>\n\n\n\n<p>Adicionalmente, en determinadas circunstancias y por motivos relacionados con tu situaci\u00f3n particular, podr\u00e1 ejercer el derecho de&nbsp;<em>oposici\u00f3n<\/em>&nbsp;al tratamiento de sus datos.&nbsp;<strong>GRUPO MILAN INAGRAF, S.L.<\/strong>&nbsp;dejar\u00e1 de tratar los datos, salvo por motivos leg\u00edtimos imperiosos, o el ejercicio o la defensa de posibles reclamaciones.<\/p>\n\n\n\n<p>Asimismo, puede ejercer el derecho a la&nbsp;<em>portabilidad<\/em>&nbsp;de los datos, as\u00ed como retirar los consentimientos facilitados en cualquier momento, sin que ello afecte a la licitud del tratamiento basado en el consentimiento previo a su retirada.<\/p>\n\n\n\n<p>Si desea hacer uso de cualquiera de tus derechos puede realizarlos a trav\u00e9s de los enlaces habilitados que encontrar\u00e1 a continuaci\u00f3n:<\/p>\n\n\n\n<ul class=\"wp-block-list\"><li>Para ejercer su derecho de&nbsp;<strong>Acceso<\/strong>&nbsp;haga clic&nbsp;<a href=\"https:\/\/intranet.laboralrgpd.com\/webApp\/clientes_derechos\/derechos-formulario.php?id_cliente=dEN2Tng5c0lNMUtLOTB4Qll3dmhiZz09\" target=\"_blank\" rel=\"noreferrer noopener\">aqu\u00ed<\/a><\/li><li>Para ejercer su derecho de&nbsp;<strong>Rectificaci\u00f3n<\/strong>&nbsp;haga clic&nbsp;<a href=\"https:\/\/intranet.laboralrgpd.com\/webApp\/clientes_derechos\/derechos-formulario.php?id_cliente=dEN2Tng5c0lNMUtLOTB4Qll3dmhiZz09\" target=\"_blank\" rel=\"noreferrer noopener\">aqu\u00ed<\/a><\/li><li>Para ejercer su derecho de&nbsp;<strong>Supresi\u00f3n (Olvido)<\/strong>&nbsp;haga clic&nbsp;<a href=\"https:\/\/intranet.laboralrgpd.com\/webApp\/clientes_derechos\/derechos-formulario.php?id_cliente=dEN2Tng5c0lNMUtLOTB4Qll3dmhiZz09\" target=\"_blank\" rel=\"noreferrer noopener\">aqu\u00ed<\/a><\/li><li>Para ejercer su derecho de&nbsp;<strong>Limitaci\u00f3n del Tratamiento<\/strong>&nbsp;haga clic&nbsp;<a href=\"https:\/\/intranet.laboralrgpd.com\/webApp\/clientes_derechos\/derechos-formulario.php?id_cliente=dEN2Tng5c0lNMUtLOTB4Qll3dmhiZz09\" target=\"_blank\" rel=\"noreferrer noopener\">aqu\u00ed<\/a><\/li><li>Para ejercer su derecho de&nbsp;<strong>Oposici\u00f3n<\/strong>&nbsp;haga clic&nbsp;<a href=\"https:\/\/intranet.laboralrgpd.com\/webApp\/clientes_derechos\/derechos-formulario.php?id_cliente=dEN2Tng5c0lNMUtLOTB4Qll3dmhiZz09\" target=\"_blank\" rel=\"noreferrer noopener\">aqu\u00ed<\/a><\/li><li>Para ejercer su derecho de&nbsp;<strong>Portabilidad<\/strong>&nbsp;haga clic&nbsp;<a href=\"https:\/\/intranet.laboralrgpd.com\/webApp\/clientes_derechos\/derechos-formulario.php?id_cliente=dEN2Tng5c0lNMUtLOTB4Qll3dmhiZz09\" target=\"_blank\" rel=\"noreferrer noopener\">aqu\u00ed<\/a><\/li><\/ul>\n\n\n\n<p>Alternativamente, tambi\u00e9n puede dirigirse a nosotros mediante correo postal a la siguiente direcci\u00f3n:&nbsp;<strong>PARAISO, 5 &#8211; (50410) CUARTE DE HUERVA<\/strong>&nbsp;adjuntado una fotocopia del DNI, para la certeza de su identidad. Recuerde facilitar la mayor informaci\u00f3n posible sobre su solicitud: Nombre y apellidos, direcci\u00f3n de correo electr\u00f3nico que utiliza para la cuenta o portal objeto de tu solicitud.<\/p>\n\n\n\n<p>Por \u00faltimo, le informamos que puede dirigirse ante la Agencia Espa\u00f1ola de Protecci\u00f3n de Datos y dem\u00e1s organismos p\u00fablicos competentes para cualquier reclamaci\u00f3n derivada del tratamiento de tus datos personales.<\/p>\n\n\n\n<ol class=\"wp-block-list\" start=\"7\"><li><strong>Pol\u00edtica de cookies<\/strong><\/li><\/ol>\n\n\n\n<p>Para conocer las cookies que utilizamos en nuestra p\u00e1gina, recuerde que puede acceder a nuestra Pol\u00edtica de Cookies a trav\u00e9s del siguiente enlace&nbsp;<a href=\"https:\/\/grupomilan.com\/fr\/politica-de-cookies\/\">pol\u00edtica de cookies<\/a>.<\/p>\n","protected":false},"excerpt":{"rendered":"<p>Informacion sobre Protecci\u00f3n de Datos Datos relativos al Responsable Responsable Tratamiento&nbsp;&nbsp;&#8211; Entidad: GRUPO MILAN INAGRAF, S.L.&nbsp;&nbsp;&#8211; CIF de la entidad: B50025733&nbsp;&nbsp;&#8211; Direccion de la entidad:&#8230;<\/p>\n<p class=\"mt-4\"><a class=\"btn btn-cut btn-outline-primary\" href=\"https:\/\/grupomilan.com\/fr\/politique-de-confidentialite\/\">Leer m\u00e1s<\/a><\/p>\n","protected":false},"author":1,"featured_media":0,"parent":0,"menu_order":99,"comment_status":"closed","ping_status":"closed","template":"","meta":{"_acf_changed":false,"footnotes":""},"class_list":["post-1027","page","type-page","status-publish","hentry"],"acf":[],"yoast_head":"<!-- This site is optimized with the Yoast SEO plugin v27.3 - https:\/\/yoast.com\/product\/yoast-seo-wordpress\/ -->\n<title>Politique de confidentialit\u00e9 - GMI Arts graphiques - Grupo Mil\u00e1n \/ Inagraf<\/title>\n<meta name=\"description\" content=\"Informacion sobre Protecci\u00f3n de Datos Datos relativos al Responsable Responsable Tratamiento&nbsp;&nbsp;- Entidad: GRUPO MILAN INAGRAF, S.L.&nbsp;&nbsp;-\" \/>\n<meta name=\"robots\" content=\"index, follow, max-snippet:-1, max-image-preview:large, max-video-preview:-1\" \/>\n<link rel=\"canonical\" href=\"https:\/\/grupomilan.com\/fr\/politique-de-confidentialite\/\" \/>\n<meta property=\"og:locale\" content=\"fr_FR\" \/>\n<meta property=\"og:type\" content=\"article\" \/>\n<meta property=\"og:title\" content=\"Politique de confidentialit\u00e9 - GMI Arts graphiques - Grupo Mil\u00e1n \/ Inagraf\" \/>\n<meta property=\"og:description\" content=\"Informacion sobre Protecci\u00f3n de Datos Datos relativos al Responsable Responsable Tratamiento&nbsp;&nbsp;- Entidad: GRUPO MILAN INAGRAF, S.L.&nbsp;&nbsp;-\" \/>\n<meta property=\"og:url\" content=\"https:\/\/grupomilan.com\/fr\/politique-de-confidentialite\/\" \/>\n<meta property=\"og:site_name\" content=\"GMI Arts graphiques - Grupo Mil\u00e1n \/ Inagraf\" \/>\n<meta property=\"article:modified_time\" content=\"2021-06-28T14:20:11+00:00\" \/>\n<meta name=\"twitter:card\" content=\"summary_large_image\" \/>\n<meta name=\"twitter:label1\" content=\"Dur\u00e9e de lecture estim\u00e9e\" \/>\n\t<meta name=\"twitter:data1\" content=\"3 minutes\" \/>\n<script type=\"application\/ld+json\" class=\"yoast-schema-graph\">{\"@context\":\"https:\\\/\\\/schema.org\",\"@graph\":[{\"@type\":\"WebPage\",\"@id\":\"https:\\\/\\\/grupomilan.com\\\/fr\\\/politique-de-confidentialite\\\/\",\"url\":\"https:\\\/\\\/grupomilan.com\\\/fr\\\/politique-de-confidentialite\\\/\",\"name\":\"Politique de confidentialit\u00e9 - GMI Arts graphiques - Grupo Mil\u00e1n \\\/ Inagraf\",\"isPartOf\":{\"@id\":\"https:\\\/\\\/grupomilan.com\\\/fr\\\/#website\"},\"datePublished\":\"2020-07-10T21:29:25+00:00\",\"dateModified\":\"2021-06-28T14:20:11+00:00\",\"description\":\"Informacion sobre Protecci\u00f3n de Datos Datos relativos al Responsable Responsable Tratamiento&nbsp;&nbsp;- Entidad: GRUPO MILAN INAGRAF, S.L.&nbsp;&nbsp;-\",\"breadcrumb\":{\"@id\":\"https:\\\/\\\/grupomilan.com\\\/fr\\\/politique-de-confidentialite\\\/#breadcrumb\"},\"inLanguage\":\"fr-FR\",\"potentialAction\":[{\"@type\":\"ReadAction\",\"target\":[\"https:\\\/\\\/grupomilan.com\\\/fr\\\/politique-de-confidentialite\\\/\"]}]},{\"@type\":\"BreadcrumbList\",\"@id\":\"https:\\\/\\\/grupomilan.com\\\/fr\\\/politique-de-confidentialite\\\/#breadcrumb\",\"itemListElement\":[{\"@type\":\"ListItem\",\"position\":1,\"name\":\"Portada\",\"item\":\"https:\\\/\\\/grupomilan.com\\\/fr\\\/home\\\/\"},{\"@type\":\"ListItem\",\"position\":2,\"name\":\"Politique de confidentialit\u00e9\"}]},{\"@type\":\"WebSite\",\"@id\":\"https:\\\/\\\/grupomilan.com\\\/fr\\\/#website\",\"url\":\"https:\\\/\\\/grupomilan.com\\\/fr\\\/\",\"name\":\"GMI Arts graphiques - Grupo Mil\u00e1n \\\/ Inagraf\",\"description\":\"Arts graphiques\",\"publisher\":{\"@id\":\"https:\\\/\\\/grupomilan.com\\\/fr\\\/#organization\"},\"potentialAction\":[{\"@type\":\"SearchAction\",\"target\":{\"@type\":\"EntryPoint\",\"urlTemplate\":\"https:\\\/\\\/grupomilan.com\\\/fr\\\/?s={search_term_string}\"},\"query-input\":{\"@type\":\"PropertyValueSpecification\",\"valueRequired\":true,\"valueName\":\"search_term_string\"}}],\"inLanguage\":\"fr-FR\"},{\"@type\":\"Organization\",\"@id\":\"https:\\\/\\\/grupomilan.com\\\/fr\\\/#organization\",\"name\":\"GMI Artes Gr\u00e1ficas - Grupo Mil\u00e1n \\\/ Inagraf\",\"url\":\"https:\\\/\\\/grupomilan.com\\\/fr\\\/\",\"logo\":{\"@type\":\"ImageObject\",\"inLanguage\":\"fr-FR\",\"@id\":\"https:\\\/\\\/grupomilan.com\\\/fr\\\/#\\\/schema\\\/logo\\\/image\\\/\",\"url\":\"https:\\\/\\\/grupomilan.com\\\/wp-content\\\/uploads\\\/logo-gmi-seo.png\",\"contentUrl\":\"https:\\\/\\\/grupomilan.com\\\/wp-content\\\/uploads\\\/logo-gmi-seo.png\",\"width\":308,\"height\":60,\"caption\":\"GMI Artes Gr\u00e1ficas - Grupo Mil\u00e1n \\\/ Inagraf\"},\"image\":{\"@id\":\"https:\\\/\\\/grupomilan.com\\\/fr\\\/#\\\/schema\\\/logo\\\/image\\\/\"}}]}<\/script>\n<!-- \/ Yoast SEO plugin. -->","yoast_head_json":{"title":"Politique de confidentialit\u00e9 - GMI Arts graphiques - Grupo Mil\u00e1n \/ Inagraf","description":"Informacion sobre Protecci\u00f3n de Datos Datos relativos al Responsable Responsable Tratamiento&nbsp;&nbsp;- Entidad: GRUPO MILAN INAGRAF, S.L.&nbsp;&nbsp;-","robots":{"index":"index","follow":"follow","max-snippet":"max-snippet:-1","max-image-preview":"max-image-preview:large","max-video-preview":"max-video-preview:-1"},"canonical":"https:\/\/grupomilan.com\/fr\/politique-de-confidentialite\/","og_locale":"fr_FR","og_type":"article","og_title":"Politique de confidentialit\u00e9 - GMI Arts graphiques - Grupo Mil\u00e1n \/ Inagraf","og_description":"Informacion sobre Protecci\u00f3n de Datos Datos relativos al Responsable Responsable Tratamiento&nbsp;&nbsp;- Entidad: GRUPO MILAN INAGRAF, S.L.&nbsp;&nbsp;-","og_url":"https:\/\/grupomilan.com\/fr\/politique-de-confidentialite\/","og_site_name":"GMI Arts graphiques - Grupo Mil\u00e1n \/ Inagraf","article_modified_time":"2021-06-28T14:20:11+00:00","twitter_card":"summary_large_image","twitter_misc":{"Dur\u00e9e de lecture estim\u00e9e":"3 minutes"},"schema":{"@context":"https:\/\/schema.org","@graph":[{"@type":"WebPage","@id":"https:\/\/grupomilan.com\/fr\/politique-de-confidentialite\/","url":"https:\/\/grupomilan.com\/fr\/politique-de-confidentialite\/","name":"Politique de confidentialit\u00e9 - GMI Arts graphiques - Grupo Mil\u00e1n \/ Inagraf","isPartOf":{"@id":"https:\/\/grupomilan.com\/fr\/#website"},"datePublished":"2020-07-10T21:29:25+00:00","dateModified":"2021-06-28T14:20:11+00:00","description":"Informacion sobre Protecci\u00f3n de Datos Datos relativos al Responsable Responsable Tratamiento&nbsp;&nbsp;- Entidad: GRUPO MILAN INAGRAF, S.L.&nbsp;&nbsp;-","breadcrumb":{"@id":"https:\/\/grupomilan.com\/fr\/politique-de-confidentialite\/#breadcrumb"},"inLanguage":"fr-FR","potentialAction":[{"@type":"ReadAction","target":["https:\/\/grupomilan.com\/fr\/politique-de-confidentialite\/"]}]},{"@type":"BreadcrumbList","@id":"https:\/\/grupomilan.com\/fr\/politique-de-confidentialite\/#breadcrumb","itemListElement":[{"@type":"ListItem","position":1,"name":"Portada","item":"https:\/\/grupomilan.com\/fr\/home\/"},{"@type":"ListItem","position":2,"name":"Politique de confidentialit\u00e9"}]},{"@type":"WebSite","@id":"https:\/\/grupomilan.com\/fr\/#website","url":"https:\/\/grupomilan.com\/fr\/","name":"GMI Arts graphiques - Grupo Mil\u00e1n \/ Inagraf","description":"Arts graphiques","publisher":{"@id":"https:\/\/grupomilan.com\/fr\/#organization"},"potentialAction":[{"@type":"SearchAction","target":{"@type":"EntryPoint","urlTemplate":"https:\/\/grupomilan.com\/fr\/?s={search_term_string}"},"query-input":{"@type":"PropertyValueSpecification","valueRequired":true,"valueName":"search_term_string"}}],"inLanguage":"fr-FR"},{"@type":"Organization","@id":"https:\/\/grupomilan.com\/fr\/#organization","name":"GMI Artes Gr\u00e1ficas - Grupo Mil\u00e1n \/ Inagraf","url":"https:\/\/grupomilan.com\/fr\/","logo":{"@type":"ImageObject","inLanguage":"fr-FR","@id":"https:\/\/grupomilan.com\/fr\/#\/schema\/logo\/image\/","url":"https:\/\/grupomilan.com\/wp-content\/uploads\/logo-gmi-seo.png","contentUrl":"https:\/\/grupomilan.com\/wp-content\/uploads\/logo-gmi-seo.png","width":308,"height":60,"caption":"GMI Artes Gr\u00e1ficas - Grupo Mil\u00e1n \/ Inagraf"},"image":{"@id":"https:\/\/grupomilan.com\/fr\/#\/schema\/logo\/image\/"}}]}},"_links":{"self":[{"href":"https:\/\/grupomilan.com\/fr\/wp-json\/wp\/v2\/pages\/1027","targetHints":{"allow":["GET"]}}],"collection":[{"href":"https:\/\/grupomilan.com\/fr\/wp-json\/wp\/v2\/pages"}],"about":[{"href":"https:\/\/grupomilan.com\/fr\/wp-json\/wp\/v2\/types\/page"}],"author":[{"embeddable":true,"href":"https:\/\/grupomilan.com\/fr\/wp-json\/wp\/v2\/users\/1"}],"replies":[{"embeddable":true,"href":"https:\/\/grupomilan.com\/fr\/wp-json\/wp\/v2\/comments?post=1027"}],"version-history":[{"count":2,"href":"https:\/\/grupomilan.com\/fr\/wp-json\/wp\/v2\/pages\/1027\/revisions"}],"predecessor-version":[{"id":1393,"href":"https:\/\/grupomilan.com\/fr\/wp-json\/wp\/v2\/pages\/1027\/revisions\/1393"}],"wp:attachment":[{"href":"https:\/\/grupomilan.com\/fr\/wp-json\/wp\/v2\/media?parent=1027"}],"curies":[{"name":"wp","href":"https:\/\/api.w.org\/{rel}","templated":true}]}}